{"id":3684,"date":"2014-11-18T08:16:55","date_gmt":"2014-11-18T08:16:55","guid":{"rendered":"http:\/\/wwwterrassadentalclinic.com\/?page_id=3684"},"modified":"2014-12-03T08:25:36","modified_gmt":"2014-12-03T08:25:36","slug":"cirurgia-periodontal","status":"publish","type":"page","link":"https:\/\/www.terrassadentalclinic.com\/ca\/cirurgia-periodontal\/","title":{"rendered":"Cirurgia periodontal"},"content":{"rendered":"<p>[et_pb_section background_image=&#8221;\/wp-content\/uploads\/2014\/11\/cirugia.jpg&#8221; transparent_background=&#8221;off&#8221; background_color=&#8221;#ffffff&#8221; inner_shadow=&#8221;off&#8221; parallax=&#8221;off&#8221; parallax_method=&#8221;off&#8221; module_id=&#8221;imagen-cabecera&#8221;][et_pb_row][et_pb_column type=&#8221;4_4&#8243;][et_pb_text admin_label=&#8221;Text&#8221; background_layout=&#8221;light&#8221; text_orientation=&#8221;left&#8221; module_id=&#8221;titulos&#8221;]<\/p>\n<h1 id=\"titulo-h1-paginas\">Cirurgia periodontal<\/h1>\n<p>[\/et_pb_text][\/et_pb_column][\/et_pb_row][\/et_pb_section][et_pb_section fullwidth=&#8221;off&#8221; specialty=&#8221;on&#8221;][et_pb_column type=&#8221;3_4&#8243; specialty_columns=&#8221;3&#8243;][et_pb_row_inner][et_pb_column_inner type=&#8221;4_4&#8243;][et_pb_text admin_label=&#8221;Text&#8221; background_layout=&#8221;light&#8221; text_orientation=&#8221;left&#8221;]<\/p>\n<h2>Qu\u00e8 \u00e9s la periodontitis?<\/h2>\n<p>Es tracta de la inflamaci\u00f3 o la infecci\u00f3 de les genives (gingivitis) que afecta els lligaments i l&#8217;os que serveixen de suport a les dents. La p\u00e8rdua de suport no nom\u00e9s fa que les dents s&#8217;afluixin. Tamb\u00e9 pot ocasionar la seva caiguda.<\/p>\n<p>Si pateix periodontitis, pot ser necess\u00e0ria una cirurgia en les genives en aquells casos m\u00e9s extrems. A Terrassa Dental Cl\u00ednic t&#8217;oferim les \u00faltimes t\u00e8cniques de cirurgia periodontal per netejar acuradament els teixits infectats.<\/p>\n<p>En el procediment s\u00f3n necess\u00e0ries dues fases. A la primera, s&#8217;eliminen els bacteris de les bosses periodontals mitjan\u00e7ant un raspat i allisat que neteja els bacteris, la placa i el c\u00e0lcul de les arrels de les dents. De vegades, aquesta fase del tractament s&#8217;acompanya de l&#8217;\u00fas d&#8217;antibi\u00f2tics.<\/p>\n<h3>\n<p>La segona fase \u00e9s l&#8217;anomenada cirurgia periodontal.<\/h3>\n<p>&nbsp;[\/et_pb_text][et_pb_text admin_label=&#8221;Text&#8221; background_layout=&#8221;light&#8221; text_orientation=&#8221;left&#8221;]<\/p>\n<div class=\"et_pb_text et_pb_bg_layout_light et_pb_text_align_left\">\n<h2>Qu\u00e8 \u00e9s la malaltia periodontal?<\/h2>\n<p>Es caracteritza per la p\u00e8rdua d\u2019os i destrucci\u00f3 dels teixits periodontals. Els s\u00edmptomes de la malaltia s\u00f3n m\u00ednims, pel que pot passar desapercebuda per al pacient.<\/p>\n<p>La malaltia periodontal afecta una de cada tres persones per sobre dels 35 anys, encara que pot sorgir a qualsevol edat.<\/p>\n<\/div>\n<p>[\/et_pb_text][\/et_pb_column_inner][\/et_pb_row_inner][et_pb_row_inner][et_pb_column_inner type=&#8221;1_2&#8243;][et_pb_image admin_label=&#8221;Image&#8221; src=&#8221;\/wp-content\/uploads\/2012\/03\/Depositphotos_3299349_L.jpg&#8221; show_in_lightbox=&#8221;off&#8221; url_new_window=&#8221;off&#8221; animation=&#8221;left&#8221; sticky=&#8221;off&#8221; \/][\/et_pb_column_inner][et_pb_column_inner type=&#8221;1_2&#8243;][et_pb_blurb admin_label=&#8221;Blurb&#8221; title=&#8221;Quins s\u00f3n els principals s\u00edmptomes?&#8221; url_new_window=&#8221;off&#8221; use_icon=&#8221;on&#8221; font_icon=&#8221;N&#8221; icon_color=&#8221;#1e73be&#8221; use_circle=&#8221;off&#8221; circle_color=&#8221;#7EBEC5&#8243; use_circle_border=&#8221;off&#8221; circle_border_color=&#8221;#7EBEC5&#8243; icon_placement=&#8221;left&#8221; animation=&#8221;off&#8221; background_layout=&#8221;light&#8221; text_orientation=&#8221;center&#8221;]<\/p>\n<p>Mal al\u00e8, genives que presenten un color excessivament vermell o que tenen un aspecte brillant. Tamb\u00e9 \u00e9s freq\u00fcent que sagnin amb facilitat i que siguin m\u00e9s sensibles.<\/p>\n<p>[\/et_pb_blurb][et_pb_blurb admin_label=&#8221;Blurb&#8221; title=&#8221;I els factors de risc?&#8221; url_new_window=&#8221;off&#8221; use_icon=&#8221;on&#8221; font_icon=&#8221;N&#8221; icon_color=&#8221;#1e73be&#8221; use_circle=&#8221;off&#8221; circle_color=&#8221;#7EBEC5&#8243; use_circle_border=&#8221;off&#8221; circle_border_color=&#8221;#7EBEC5&#8243; icon_placement=&#8221;left&#8221; animation=&#8221;top&#8221; background_layout=&#8221;light&#8221; text_orientation=&#8221;center&#8221;]<\/p>\n<p>L&#8217;h\u00e0bit de fumar, els canvis hormonals en les nenes i dones, la diabetis, altres malalties com el c\u00e0ncer, la ingesta de determinats medicaments o fins i tot la gen\u00e8tica poden considerar-se factors de risc per patir malalties a les genives.<\/p>\n<p>[\/et_pb_blurb][\/et_pb_column_inner][\/et_pb_row_inner][et_pb_row_inner][et_pb_column_inner type=&#8221;4_4&#8243;][et_pb_text admin_label=&#8221;Text&#8221; background_layout=&#8221;light&#8221; text_orientation=&#8221;left&#8221;]<\/p>\n<h2>Prevenci\u00f3 abans de la cirurgia periodontal<\/h2>\n<p>La periodontitis es tracta amb una correcta eliminaci\u00f3 dels bacteris i un tractament de raspat i allisat radicular. Per a aix\u00f2, \u00e9s necessari estudi periodontal i radiol\u00f2gic previ. A Terrassa Dental Cl\u00ednic pensem que la prevenci\u00f3 \u00e9s la mesura m\u00e9s important per combatre la malaltia.<\/p>\n<p>Despr\u00e9s del tractament \u00e9s de vital import\u00e0ncia acudir a les visites de control peri\u00f2diques. Els nostres especialistes et faran un seguiment dels h\u00e0bits d&#8217;higiene adquirits aix\u00ed com revisions periodontals completes.<\/p>\n<p>[\/et_pb_text][\/et_pb_column_inner][\/et_pb_row_inner][\/et_pb_column][et_pb_column type=&#8221;1_4&#8243;][et_pb_text admin_label=&#8221;Text&#8221; background_layout=&#8221;light&#8221; text_orientation=&#8221;left&#8221;]<\/p>\n<div style=\"background: #DEEAF3;padding-bottom: 33%;padding-left: 7%;padding-right: 7%;padding-top: 5%;width: 125%;\"><img loading=\"lazy\" decoding=\"async\" src=\"\/wp-content\/uploads\/2014\/10\/dentista.jpg\" alt=\"Metge estomat\u00f2leg\" title=\"Dr. Antonio L\u00f3pez\" width=\"133\" height=\"200\" class=\"alignleft size-full wp-image-3964\"><\/p>\n<h4 style=\"text-align: center;margin-top: 19%;\"><strong>Dr. Antonio L\u00f3pez<\/strong><\/h4>\n<p style=\"text-align:center\"><a href=\"\/doctor-jose-lopez\/\">Metge estomat\u00f2leg<\/a><\/p>\n<\/div>\n<p>[\/et_pb_text][et_pb_text admin_label=&#8221;Text&#8221; background_layout=&#8221;light&#8221; text_orientation=&#8221;left&#8221; module_id=&#8221;solicitar-cita&#8221;]<\/p>\n<div id=\"solicitar-cita\" class=\"et_pb_text et_pb_bg_layout_light et_pb_text_align_left\">\n<div style=\"background: #c0dbed;padding-bottom: 5%;padding-left: 7%;padding-right: 7%; padding-top: 5%; width: 125%;\">\n<h4 style=\"font-weight: 600\">Sol\u00b7licitar visita<\/h4>\n<div>\n<p style=\"font-weight: 500\">Truqui ara per sol\u00b7licitar una visita o per fer qualsevol altra consulta al:<\/p>\n<\/p>\n<div class=\"telephone\">937 894 596<\/div>\n<div style=\"padding-top: 0%;margin-top: -2%;width: 100%;color: #FFF;  background-color: #9aafbe;  font-size: 12px;  font-style: normal;  line-height: 25px;text-align: center;\"><a style=\"font-size: 17px;color: white;\" href=\"\/ca\/contacte\"title=\"Demanar cita online\">Sol\u00b7licita cita online<\/a><\/div>\n<\/p>\n<\/div>\n<\/div>\n<\/div>\n<p>[\/et_pb_text][\/et_pb_column][\/et_pb_section][et_pb_section fullwidth=&#8221;off&#8221; specialty=&#8221;off&#8221; transparent_background=&#8221;off&#8221; background_color=&#8221;#f7f5ef&#8221; inner_shadow=&#8221;off&#8221; parallax=&#8221;off&#8221; parallax_method=&#8221;off&#8221;][et_pb_row][et_pb_column type=&#8221;1_3&#8243;][et_pb_text admin_label=&#8221;Text&#8221; background_layout=&#8221;light&#8221; text_orientation=&#8221;left&#8221;]<\/p>\n<h3><strong>Direcci\u00f3 de la cl\u00ednica dental<\/strong><\/h3>\n<p>Carrer Col\u00b7legi n\u00ba 1<br \/>\n08221 Terrassa (Barcelona).<\/p>\n<p><strong>Horari de la cl\u00ednica<\/strong><br \/>\nDe Dilluns a Divendres<br \/>\nMatins: 9:00h a 13:00h<br \/>\nTardes: 16:00h a 20:00h<\/p>\n<p><strong>E-mail de contacte<\/strong><br \/>\ncentrodentalegara@gmail.com<\/p>\n<div class=\"telephone\" style=\"margin-top: 15%;\">937 894 596<\/div>\n<p>[\/et_pb_text][\/et_pb_column][et_pb_column type=&#8221;2_3&#8243;][et_pb_map admin_label=&#8221;Map&#8221; zoom_level=&#8221;16&#8243; address_lat=&#8221;41.560295599338104&#8243; address_lng=&#8221;2.0117566164005973&#8243; mouse_wheel=&#8221;on&#8221;][et_pb_map_pin pin_address=&#8221;Carrer Col\u00b7legi, 11, 08221 Tarrasa, Barcelona, Espa\u00f1a&#8221; pin_address_lat=&#8221;41.5599853&#8243; pin_address_lng=&#8221;2.010856399999966&#8243; \/][\/et_pb_map][\/et_pb_column][\/et_pb_row][\/et_pb_section]<\/p>\n","protected":false},"excerpt":{"rendered":"<p><div class=\"et_pb_row et_pb_row_0 et_pb_row_empty\">\n\t\t\t\t\n\t\t\t\t\n\t\t\t\t\n\t\t\t\t\n\t\t\t\t\n\t\t\t<\/div> Cirurgia periodontal Qu\u00e8 \u00e9s la periodontitis? Es tracta de la inflamaci\u00f3 o la infecci\u00f3 de les genives (gingivitis) que afecta els lligaments i l&#8217;os que serveixen de suport a les dents. La p\u00e8rdua de suport no nom\u00e9s fa que les dents s&#8217;afluixin. Tamb\u00e9 pot ocasionar la seva caiguda. Si pateix periodontitis, pot ser necess\u00e0ria [&hellip;]<\/p>\n","protected":false},"author":2,"featured_media":0,"parent":0,"menu_order":0,"comment_status":"closed","ping_status":"closed","template":"","meta":{"_et_pb_use_builder":"on","_et_pb_old_content":"","_et_gb_content_width":"","footnotes":""},"class_list":["post-3684","page","type-page","status-publish","hentry"],"yoast_head":"<!-- This site is optimized with the Yoast SEO plugin v27.2 - https:\/\/yoast.com\/product\/yoast-seo-wordpress\/ -->\n<title>cirurgia periodontal<\/title>\n<meta name=\"description\" content=\"A Terrassa Dental Cl\u00ednic et proposem una cirurgia periodontal efica\u00e7 i segura per aconseguir els millors resultats i fer front a la malaltia periodontal.\" \/>\n<meta name=\"robots\" content=\"index, follow, max-snippet:-1, max-image-preview:large, max-video-preview:-1\" \/>\n<link rel=\"canonical\" href=\"https:\/\/www.terrassadentalclinic.com\/cirugia-periodontal\/\" \/>\n<meta property=\"og:locale\" content=\"ca_ES\" \/>\n<meta property=\"og:type\" content=\"article\" \/>\n<meta property=\"og:title\" content=\"cirurgia periodontal\" \/>\n<meta property=\"og:description\" content=\"A Terrassa Dental Cl\u00ednic et proposem una cirurgia periodontal efica\u00e7 i segura per aconseguir els millors resultats i fer front a la malaltia periodontal.\" \/>\n<meta property=\"og:url\" content=\"https:\/\/www.terrassadentalclinic.com\/cirugia-periodontal\/\" \/>\n<meta property=\"og:site_name\" content=\"Terrassa Dental Cl\u00ednic\" \/>\n<meta property=\"article:modified_time\" content=\"2014-12-03T08:25:36+00:00\" \/>\n<meta name=\"twitter:label1\" content=\"Temps estimat de lectura\" \/>\n\t<meta name=\"twitter:data1\" content=\"4 minuts\" \/>\n<script type=\"application\/ld+json\" class=\"yoast-schema-graph\">{\"@context\":\"https:\/\/schema.org\",\"@graph\":[{\"@type\":\"WebPage\",\"@id\":\"https:\/\/www.terrassadentalclinic.com\/cirugia-periodontal\/\",\"url\":\"https:\/\/www.terrassadentalclinic.com\/cirugia-periodontal\/\",\"name\":\"cirurgia periodontal\",\"isPartOf\":{\"@id\":\"https:\/\/www.terrassadentalclinic.com\/#website\"},\"datePublished\":\"2014-11-18T08:16:55+00:00\",\"dateModified\":\"2014-12-03T08:25:36+00:00\",\"description\":\"A Terrassa Dental Cl\u00ednic et proposem una cirurgia periodontal efica\u00e7 i segura per aconseguir els millors resultats i fer front a la malaltia periodontal.\",\"breadcrumb\":{\"@id\":\"https:\/\/www.terrassadentalclinic.com\/cirugia-periodontal\/#breadcrumb\"},\"inLanguage\":\"ca\",\"potentialAction\":[{\"@type\":\"ReadAction\",\"target\":[\"https:\/\/www.terrassadentalclinic.com\/cirugia-periodontal\/\"]}]},{\"@type\":\"BreadcrumbList\",\"@id\":\"https:\/\/www.terrassadentalclinic.com\/cirugia-periodontal\/#breadcrumb\",\"itemListElement\":[{\"@type\":\"ListItem\",\"position\":1,\"name\":\"Portada\",\"item\":\"https:\/\/www.terrassadentalclinic.com\/ca\/\"},{\"@type\":\"ListItem\",\"position\":2,\"name\":\"Cirurgia periodontal\"}]},{\"@type\":\"WebSite\",\"@id\":\"https:\/\/www.terrassadentalclinic.com\/#website\",\"url\":\"https:\/\/www.terrassadentalclinic.com\/\",\"name\":\"Terrassa Dental Cl\u00ednic\",\"description\":\"\",\"potentialAction\":[{\"@type\":\"SearchAction\",\"target\":{\"@type\":\"EntryPoint\",\"urlTemplate\":\"https:\/\/www.terrassadentalclinic.com\/?s={search_term_string}\"},\"query-input\":{\"@type\":\"PropertyValueSpecification\",\"valueRequired\":true,\"valueName\":\"search_term_string\"}}],\"inLanguage\":\"ca\"}]}<\/script>\n<!-- \/ Yoast SEO plugin. -->","yoast_head_json":{"title":"cirurgia periodontal","description":"A Terrassa Dental Cl\u00ednic et proposem una cirurgia periodontal efica\u00e7 i segura per aconseguir els millors resultats i fer front a la malaltia periodontal.","robots":{"index":"index","follow":"follow","max-snippet":"max-snippet:-1","max-image-preview":"max-image-preview:large","max-video-preview":"max-video-preview:-1"},"canonical":"https:\/\/www.terrassadentalclinic.com\/cirugia-periodontal\/","og_locale":"ca_ES","og_type":"article","og_title":"cirurgia periodontal","og_description":"A Terrassa Dental Cl\u00ednic et proposem una cirurgia periodontal efica\u00e7 i segura per aconseguir els millors resultats i fer front a la malaltia periodontal.","og_url":"https:\/\/www.terrassadentalclinic.com\/cirugia-periodontal\/","og_site_name":"Terrassa Dental Cl\u00ednic","article_modified_time":"2014-12-03T08:25:36+00:00","twitter_misc":{"Temps estimat de lectura":"4 minuts"},"schema":{"@context":"https:\/\/schema.org","@graph":[{"@type":"WebPage","@id":"https:\/\/www.terrassadentalclinic.com\/cirugia-periodontal\/","url":"https:\/\/www.terrassadentalclinic.com\/cirugia-periodontal\/","name":"cirurgia periodontal","isPartOf":{"@id":"https:\/\/www.terrassadentalclinic.com\/#website"},"datePublished":"2014-11-18T08:16:55+00:00","dateModified":"2014-12-03T08:25:36+00:00","description":"A Terrassa Dental Cl\u00ednic et proposem una cirurgia periodontal efica\u00e7 i segura per aconseguir els millors resultats i fer front a la malaltia periodontal.","breadcrumb":{"@id":"https:\/\/www.terrassadentalclinic.com\/cirugia-periodontal\/#breadcrumb"},"inLanguage":"ca","potentialAction":[{"@type":"ReadAction","target":["https:\/\/www.terrassadentalclinic.com\/cirugia-periodontal\/"]}]},{"@type":"BreadcrumbList","@id":"https:\/\/www.terrassadentalclinic.com\/cirugia-periodontal\/#breadcrumb","itemListElement":[{"@type":"ListItem","position":1,"name":"Portada","item":"https:\/\/www.terrassadentalclinic.com\/ca\/"},{"@type":"ListItem","position":2,"name":"Cirurgia periodontal"}]},{"@type":"WebSite","@id":"https:\/\/www.terrassadentalclinic.com\/#website","url":"https:\/\/www.terrassadentalclinic.com\/","name":"Terrassa Dental Cl\u00ednic","description":"","potentialAction":[{"@type":"SearchAction","target":{"@type":"EntryPoint","urlTemplate":"https:\/\/www.terrassadentalclinic.com\/?s={search_term_string}"},"query-input":{"@type":"PropertyValueSpecification","valueRequired":true,"valueName":"search_term_string"}}],"inLanguage":"ca"}]}},"_links":{"self":[{"href":"https:\/\/www.terrassadentalclinic.com\/ca\/wp-json\/wp\/v2\/pages\/3684","targetHints":{"allow":["GET"]}}],"collection":[{"href":"https:\/\/www.terrassadentalclinic.com\/ca\/wp-json\/wp\/v2\/pages"}],"about":[{"href":"https:\/\/www.terrassadentalclinic.com\/ca\/wp-json\/wp\/v2\/types\/page"}],"author":[{"embeddable":true,"href":"https:\/\/www.terrassadentalclinic.com\/ca\/wp-json\/wp\/v2\/users\/2"}],"replies":[{"embeddable":true,"href":"https:\/\/www.terrassadentalclinic.com\/ca\/wp-json\/wp\/v2\/comments?post=3684"}],"version-history":[{"count":13,"href":"https:\/\/www.terrassadentalclinic.com\/ca\/wp-json\/wp\/v2\/pages\/3684\/revisions"}],"predecessor-version":[{"id":4645,"href":"https:\/\/www.terrassadentalclinic.com\/ca\/wp-json\/wp\/v2\/pages\/3684\/revisions\/4645"}],"wp:attachment":[{"href":"https:\/\/www.terrassadentalclinic.com\/ca\/wp-json\/wp\/v2\/media?parent=3684"}],"curies":[{"name":"wp","href":"https:\/\/api.w.org\/{rel}","templated":true}]}}