{"id":3279,"date":"2014-10-20T11:42:52","date_gmt":"2014-10-20T11:42:52","guid":{"rendered":"http:\/\/wwwterrassadentalclinic.com\/?page_id=3279"},"modified":"2014-12-01T09:37:17","modified_gmt":"2014-12-01T09:37:17","slug":"brackets-metal%c2%b7lics","status":"publish","type":"page","link":"https:\/\/www.terrassadentalclinic.com\/ca\/brackets-metal%c2%b7lics\/","title":{"rendered":"Brackets met\u00e0l\u00b7lics"},"content":{"rendered":"<p>[et_pb_section background_image=&#8221;\/wp-content\/uploads\/2014\/10\/foto-odontologia.jpg&#8221; transparent_background=&#8221;off&#8221; background_color=&#8221;#ffffff&#8221; inner_shadow=&#8221;off&#8221; parallax=&#8221;off&#8221; parallax_method=&#8221;off&#8221; module_id=&#8221;imagen-cabecera&#8221;][et_pb_row][et_pb_column type=&#8221;4_4&#8243;][et_pb_text admin_label=&#8221;Text&#8221; background_layout=&#8221;light&#8221; text_orientation=&#8221;left&#8221; module_id=&#8221;titulos&#8221;]<\/p>\n<h1 id=\"titulo-h1-paginas\">Brackets met\u00e0l\u00b7lics<\/h1>\n<p>[\/et_pb_text][\/et_pb_column][\/et_pb_row][\/et_pb_section][et_pb_section fullwidth=&#8221;off&#8221; specialty=&#8221;on&#8221;][et_pb_column type=&#8221;3_4&#8243; specialty_columns=&#8221;3&#8243;][et_pb_row_inner][et_pb_column_inner type=&#8221;4_4&#8243;][et_pb_text admin_label=&#8221;Text&#8221; background_layout=&#8221;light&#8221; text_orientation=&#8221;left&#8221;]<\/p>\n<h2 lang=\"es-ES\"><b>Qu\u00e8 s\u00f3n els brackets met\u00e0l\u00b7lics?<\/b><\/h2>\n<p lang=\"es-ES\">L&#8217;ortod\u00f2ncia necessita d&#8217;uns petits dispositius (els anomenats brackets) per poder solucionar el mal posicionament de les dents i que aquests tornin al seu lloc corresponent.<\/p>\n<p lang=\"es-ES\">Els brackets met\u00e0l\u00b7lics s\u00f3n els que s&#8217;han utilitzat tradicionalment i amb ells desenvolupem els nostres tractaments a Terrassa Dental Cl\u00ednic.<\/p>\n<p>[\/et_pb_text][\/et_pb_column_inner][\/et_pb_row_inner][et_pb_row_inner][et_pb_column_inner type=&#8221;1_2&#8243;][et_pb_image admin_label=&#8221;Image&#8221; src=&#8221;\/wp-content\/uploads\/2012\/03\/Depositphotos_3299349_L.jpg&#8221; show_in_lightbox=&#8221;off&#8221; url_new_window=&#8221;off&#8221; animation=&#8221;left&#8221; sticky=&#8221;off&#8221; \/][\/et_pb_column_inner][et_pb_column_inner type=&#8221;1_2&#8243;][et_pb_blurb admin_label=&#8221;Blurb&#8221; title=&#8221;Alineaci\u00f3 de les dents en les arcades.&#8221; url_new_window=&#8221;off&#8221; use_icon=&#8221;on&#8221; font_icon=&#8221;N&#8221; icon_color=&#8221;#1e73be&#8221; use_circle=&#8221;off&#8221; circle_color=&#8221;#7EBEC5&#8243; use_circle_border=&#8221;off&#8221; circle_border_color=&#8221;#7EBEC5&#8243; icon_placement=&#8221;left&#8221; animation=&#8221;off&#8221; background_layout=&#8221;light&#8221; text_orientation=&#8221;center&#8221;]<\/p>\n<p lang=\"es-ES\">Si hi ha alguna dent es troba malament situat a trav\u00e9s d&#8217;unes petites forces musculars podem aconseguir que aquest torni al seu lloc amb l&#8217;ajuda dels brackets.<\/p>\n<p>[\/et_pb_blurb][et_pb_blurb admin_label=&#8221;Blurb&#8221; title=&#8221;Correcci\u00f3 dels problemes de mossegada.&#8221; url_new_window=&#8221;off&#8221; use_icon=&#8221;on&#8221; font_icon=&#8221;N&#8221; icon_color=&#8221;#1e73be&#8221; use_circle=&#8221;off&#8221; circle_color=&#8221;#7EBEC5&#8243; use_circle_border=&#8221;off&#8221; circle_border_color=&#8221;#7EBEC5&#8243; icon_placement=&#8221;left&#8221; animation=&#8221;off&#8221; background_layout=&#8221;light&#8221; text_orientation=&#8221;center&#8221;]<\/p>\n<p><span lang=\"es-ES\">Principalment solen afectar al tema est\u00e8tic, per\u00f2 de vegades tamb\u00e9 influeixen en la parla perqu\u00e8 el client no es pot pronunciar correctament ia m\u00e9s poden generar mol\u00e8sties bucals.<\/span><\/p>\n<p>[\/et_pb_blurb][\/et_pb_column_inner][\/et_pb_row_inner][\/et_pb_column][et_pb_column type=&#8221;1_4&#8243;][et_pb_text admin_label=&#8221;Text&#8221; background_layout=&#8221;light&#8221; text_orientation=&#8221;left&#8221;]<\/p>\n<div style=\"background: #DEEAF3;padding-bottom: 33%;padding-left: 7%;padding-right: 7%;padding-top: 5%;width: 125%;\"><img loading=\"lazy\" decoding=\"async\" src=\"\/wp-content\/uploads\/2014\/10\/ortodoncista1.jpg\" alt=\"Odont\u00f2leg especialista en l'ortod\u00f2ncia\" title=\"Dr. Pierre Kallai\" width=\"133\" height=\"200\" class=\"alignleft size-full wp-image-4279\"><\/p>\n<h4 style=\"text-align: center;margin-top: 19%;\"><strong>Dr. Pierre Kallai<\/strong><\/h4>\n<p style=\"text-align:center\"><a href=\"\/doctor-pierre-kallai\/\">Odont\u00f2leg especialista en l&#8217;ortod\u00f2ncia<\/a><\/p>\n<\/div>\n<p>[\/et_pb_text][et_pb_text admin_label=&#8221;Text&#8221; background_layout=&#8221;light&#8221; text_orientation=&#8221;left&#8221; module_id=&#8221;solicitar-cita&#8221;]<\/p>\n<div id=\"solicitar-cita\" class=\"et_pb_text et_pb_bg_layout_light et_pb_text_align_left\">\n<div style=\"background: #c0dbed;padding-bottom: 5%;padding-left: 7%;padding-right: 7%; padding-top: 5%; width: 125%;\">\n<h4 style=\"font-weight: 600\">Sol\u00b7licitar visita<\/h4>\n<div>\n<p style=\"font-weight: 500\">Truqui ara per sol\u00b7licitar una visita o per fer qualsevol altra consulta al:<\/p>\n<\/p>\n<div class=\"telephone\">937 894 596<\/div>\n<div style=\"padding-top: 0%;margin-top: -2%;width: 100%;color: #FFF;  background-color: #9aafbe;  font-size: 12px;  font-style: normal;  line-height: 25px;text-align: center;\"><a style=\"font-size: 17px;color: white;\" href=\"\/ca\/contacte\" title=\"Demanar cita online\">Sol\u00b7licita cita online<\/a><\/div>\n<\/p>\n<\/div>\n<\/div>\n<\/div>\n<p>[\/et_pb_text][\/et_pb_column][\/et_pb_section][et_pb_section fullwidth=&#8221;off&#8221; specialty=&#8221;off&#8221; transparent_background=&#8221;off&#8221; background_color=&#8221;#f7f5ef&#8221; inner_shadow=&#8221;off&#8221; parallax=&#8221;off&#8221; parallax_method=&#8221;off&#8221;][et_pb_row][et_pb_column type=&#8221;1_3&#8243;][et_pb_text admin_label=&#8221;Text&#8221; background_layout=&#8221;light&#8221; text_orientation=&#8221;left&#8221;]<\/p>\n<h3><strong>Direcci\u00f3 de la cl\u00ednica dental<\/strong><\/h3>\n<p>Carrer Col\u00b7legi n\u00ba 1<br \/>\n08221 Terrassa (Barcelona).<\/p>\n<p><strong>Horari de la cl\u00ednica<\/strong><br \/>\nDe Dilluns a Divendres<br \/>\nMatins: 9:00h a 13:00h<br \/>\nTardes: 16:00h a 20:00h<\/p>\n<p><strong>E-mail de contacte<\/strong><br \/>\ncentrodentalegara@gmail.com<\/p>\n<div style=\"margin-top: 15%;\" class=\"telephone\">937 894 596<\/div>\n<p>[\/et_pb_text][\/et_pb_column][et_pb_column type=&#8221;2_3&#8243;][et_pb_map admin_label=&#8221;Map&#8221; zoom_level=&#8221;16&#8243; address_lat=&#8221;41.560295599338104&#8243; address_lng=&#8221;2.0117566164005973&#8243; mouse_wheel=&#8221;on&#8221;][et_pb_map_pin pin_address=&#8221;Carrer Col\u00b7legi, 11, 08221 Tarrasa, Barcelona, Espa\u00f1a&#8221; pin_address_lat=&#8221;41.5599853&#8243; pin_address_lng=&#8221;2.010856399999966&#8243; \/][\/et_pb_map][\/et_pb_column][\/et_pb_row][\/et_pb_section]<\/p>\n","protected":false},"excerpt":{"rendered":"<p><div class=\"et_pb_row et_pb_row_0 et_pb_row_empty\">\n\t\t\t\t\n\t\t\t\t\n\t\t\t\t\n\t\t\t\t\n\t\t\t\t\n\t\t\t<\/div> Brackets met\u00e0l\u00b7lics Qu\u00e8 s\u00f3n els brackets met\u00e0l\u00b7lics? L&#8217;ortod\u00f2ncia necessita d&#8217;uns petits dispositius (els anomenats brackets) per poder solucionar el mal posicionament de les dents i que aquests tornin al seu lloc corresponent. Els brackets met\u00e0l\u00b7lics s\u00f3n els que s&#8217;han utilitzat tradicionalment i amb ells desenvolupem els nostres tractaments a Terrassa Dental Cl\u00ednic. Si hi [&hellip;]<\/p>\n","protected":false},"author":2,"featured_media":0,"parent":0,"menu_order":0,"comment_status":"closed","ping_status":"closed","template":"","meta":{"_et_pb_use_builder":"on","_et_pb_old_content":"","_et_gb_content_width":"","footnotes":""},"class_list":["post-3279","page","type-page","status-publish","hentry"],"yoast_head":"<!-- This site is optimized with the Yoast SEO plugin v27.2 - https:\/\/yoast.com\/product\/yoast-seo-wordpress\/ -->\n<title>Solucionar problemes dentals amb brackets met\u00e0l\u00b7lics<\/title>\n<meta name=\"description\" content=\"Els brackets met\u00e0l\u00b7lics s\u00f3n els que s&#039;han utilitzat tradicionalment i amb ells desenvolupem els nostres tractaments a Terrassa Dental Cl\u00ednic.\" \/>\n<meta name=\"robots\" content=\"index, follow, max-snippet:-1, max-image-preview:large, max-video-preview:-1\" \/>\n<link rel=\"canonical\" href=\"https:\/\/www.terrassadentalclinic.com\/brackets-metalicos\/\" \/>\n<meta property=\"og:locale\" content=\"ca_ES\" \/>\n<meta property=\"og:type\" content=\"article\" \/>\n<meta property=\"og:title\" content=\"Solucionar problemes dentals amb brackets met\u00e0l\u00b7lics\" \/>\n<meta property=\"og:description\" content=\"Els brackets met\u00e0l\u00b7lics s\u00f3n els que s&#039;han utilitzat tradicionalment i amb ells desenvolupem els nostres tractaments a Terrassa Dental Cl\u00ednic.\" \/>\n<meta property=\"og:url\" content=\"https:\/\/www.terrassadentalclinic.com\/brackets-metalicos\/\" \/>\n<meta property=\"og:site_name\" content=\"Terrassa Dental Cl\u00ednic\" \/>\n<meta property=\"article:modified_time\" content=\"2014-12-01T09:37:17+00:00\" \/>\n<meta name=\"twitter:label1\" content=\"Temps estimat de lectura\" \/>\n\t<meta name=\"twitter:data1\" content=\"3 minuts\" \/>\n<script type=\"application\/ld+json\" class=\"yoast-schema-graph\">{\"@context\":\"https:\/\/schema.org\",\"@graph\":[{\"@type\":\"WebPage\",\"@id\":\"https:\/\/www.terrassadentalclinic.com\/brackets-metalicos\/\",\"url\":\"https:\/\/www.terrassadentalclinic.com\/brackets-metalicos\/\",\"name\":\"Solucionar problemes dentals amb brackets met\u00e0l\u00b7lics\",\"isPartOf\":{\"@id\":\"https:\/\/www.terrassadentalclinic.com\/#website\"},\"datePublished\":\"2014-10-20T11:42:52+00:00\",\"dateModified\":\"2014-12-01T09:37:17+00:00\",\"description\":\"Els brackets met\u00e0l\u00b7lics s\u00f3n els que s'han utilitzat tradicionalment i amb ells desenvolupem els nostres tractaments a Terrassa Dental Cl\u00ednic.\",\"breadcrumb\":{\"@id\":\"https:\/\/www.terrassadentalclinic.com\/brackets-metalicos\/#breadcrumb\"},\"inLanguage\":\"ca\",\"potentialAction\":[{\"@type\":\"ReadAction\",\"target\":[\"https:\/\/www.terrassadentalclinic.com\/brackets-metalicos\/\"]}]},{\"@type\":\"BreadcrumbList\",\"@id\":\"https:\/\/www.terrassadentalclinic.com\/brackets-metalicos\/#breadcrumb\",\"itemListElement\":[{\"@type\":\"ListItem\",\"position\":1,\"name\":\"Portada\",\"item\":\"https:\/\/www.terrassadentalclinic.com\/ca\/\"},{\"@type\":\"ListItem\",\"position\":2,\"name\":\"Brackets met\u00e0l\u00b7lics\"}]},{\"@type\":\"WebSite\",\"@id\":\"https:\/\/www.terrassadentalclinic.com\/#website\",\"url\":\"https:\/\/www.terrassadentalclinic.com\/\",\"name\":\"Terrassa Dental Cl\u00ednic\",\"description\":\"\",\"potentialAction\":[{\"@type\":\"SearchAction\",\"target\":{\"@type\":\"EntryPoint\",\"urlTemplate\":\"https:\/\/www.terrassadentalclinic.com\/?s={search_term_string}\"},\"query-input\":{\"@type\":\"PropertyValueSpecification\",\"valueRequired\":true,\"valueName\":\"search_term_string\"}}],\"inLanguage\":\"ca\"}]}<\/script>\n<!-- \/ Yoast SEO plugin. -->","yoast_head_json":{"title":"Solucionar problemes dentals amb brackets met\u00e0l\u00b7lics","description":"Els brackets met\u00e0l\u00b7lics s\u00f3n els que s'han utilitzat tradicionalment i amb ells desenvolupem els nostres tractaments a Terrassa Dental Cl\u00ednic.","robots":{"index":"index","follow":"follow","max-snippet":"max-snippet:-1","max-image-preview":"max-image-preview:large","max-video-preview":"max-video-preview:-1"},"canonical":"https:\/\/www.terrassadentalclinic.com\/brackets-metalicos\/","og_locale":"ca_ES","og_type":"article","og_title":"Solucionar problemes dentals amb brackets met\u00e0l\u00b7lics","og_description":"Els brackets met\u00e0l\u00b7lics s\u00f3n els que s'han utilitzat tradicionalment i amb ells desenvolupem els nostres tractaments a Terrassa Dental Cl\u00ednic.","og_url":"https:\/\/www.terrassadentalclinic.com\/brackets-metalicos\/","og_site_name":"Terrassa Dental Cl\u00ednic","article_modified_time":"2014-12-01T09:37:17+00:00","twitter_misc":{"Temps estimat de lectura":"3 minuts"},"schema":{"@context":"https:\/\/schema.org","@graph":[{"@type":"WebPage","@id":"https:\/\/www.terrassadentalclinic.com\/brackets-metalicos\/","url":"https:\/\/www.terrassadentalclinic.com\/brackets-metalicos\/","name":"Solucionar problemes dentals amb brackets met\u00e0l\u00b7lics","isPartOf":{"@id":"https:\/\/www.terrassadentalclinic.com\/#website"},"datePublished":"2014-10-20T11:42:52+00:00","dateModified":"2014-12-01T09:37:17+00:00","description":"Els brackets met\u00e0l\u00b7lics s\u00f3n els que s'han utilitzat tradicionalment i amb ells desenvolupem els nostres tractaments a Terrassa Dental Cl\u00ednic.","breadcrumb":{"@id":"https:\/\/www.terrassadentalclinic.com\/brackets-metalicos\/#breadcrumb"},"inLanguage":"ca","potentialAction":[{"@type":"ReadAction","target":["https:\/\/www.terrassadentalclinic.com\/brackets-metalicos\/"]}]},{"@type":"BreadcrumbList","@id":"https:\/\/www.terrassadentalclinic.com\/brackets-metalicos\/#breadcrumb","itemListElement":[{"@type":"ListItem","position":1,"name":"Portada","item":"https:\/\/www.terrassadentalclinic.com\/ca\/"},{"@type":"ListItem","position":2,"name":"Brackets met\u00e0l\u00b7lics"}]},{"@type":"WebSite","@id":"https:\/\/www.terrassadentalclinic.com\/#website","url":"https:\/\/www.terrassadentalclinic.com\/","name":"Terrassa Dental Cl\u00ednic","description":"","potentialAction":[{"@type":"SearchAction","target":{"@type":"EntryPoint","urlTemplate":"https:\/\/www.terrassadentalclinic.com\/?s={search_term_string}"},"query-input":{"@type":"PropertyValueSpecification","valueRequired":true,"valueName":"search_term_string"}}],"inLanguage":"ca"}]}},"_links":{"self":[{"href":"https:\/\/www.terrassadentalclinic.com\/ca\/wp-json\/wp\/v2\/pages\/3279","targetHints":{"allow":["GET"]}}],"collection":[{"href":"https:\/\/www.terrassadentalclinic.com\/ca\/wp-json\/wp\/v2\/pages"}],"about":[{"href":"https:\/\/www.terrassadentalclinic.com\/ca\/wp-json\/wp\/v2\/types\/page"}],"author":[{"embeddable":true,"href":"https:\/\/www.terrassadentalclinic.com\/ca\/wp-json\/wp\/v2\/users\/2"}],"replies":[{"embeddable":true,"href":"https:\/\/www.terrassadentalclinic.com\/ca\/wp-json\/wp\/v2\/comments?post=3279"}],"version-history":[{"count":14,"href":"https:\/\/www.terrassadentalclinic.com\/ca\/wp-json\/wp\/v2\/pages\/3279\/revisions"}],"predecessor-version":[{"id":4607,"href":"https:\/\/www.terrassadentalclinic.com\/ca\/wp-json\/wp\/v2\/pages\/3279\/revisions\/4607"}],"wp:attachment":[{"href":"https:\/\/www.terrassadentalclinic.com\/ca\/wp-json\/wp\/v2\/media?parent=3279"}],"curies":[{"name":"wp","href":"https:\/\/api.w.org\/{rel}","templated":true}]}}