{"id":3268,"date":"2014-10-20T11:18:43","date_gmt":"2014-10-20T11:18:43","guid":{"rendered":"http:\/\/wwwterrassadentalclinic.com\/?page_id=3268"},"modified":"2015-03-24T09:40:26","modified_gmt":"2015-03-24T09:40:26","slug":"blanquejament-dental","status":"publish","type":"page","link":"https:\/\/www.terrassadentalclinic.com\/ca\/blanquejament-dental\/","title":{"rendered":"Blanquejament dental"},"content":{"rendered":"<p>[et_pb_section background_image=&#8221;http:\/\/www.terrassadentalclinic.com\/wp-content\/uploads\/2014\/10\/slide_promocionNavidad_blanqueamientodental_higienedental1.jpg&#8221; transparent_background=&#8221;off&#8221; background_color=&#8221;#ffffff&#8221; inner_shadow=&#8221;off&#8221; parallax=&#8221;off&#8221; parallax_method=&#8221;off&#8221; module_id=&#8221;imagen-cabecera&#8221;][et_pb_row][et_pb_column type=&#8221;4_4&#8243;][et_pb_text admin_label=&#8221;Text&#8221; background_layout=&#8221;light&#8221; text_orientation=&#8221;left&#8221; module_id=&#8221;titulos&#8221;]<\/p>\n<h1 id=\"titulo-h1-paginas\">Blanquejament dental<\/h1>\n<p>[\/et_pb_text][\/et_pb_column][\/et_pb_row][\/et_pb_section][et_pb_section fullwidth=&#8221;off&#8221; specialty=&#8221;on&#8221;][et_pb_column type=&#8221;3_4&#8243; specialty_columns=&#8221;3&#8243;][et_pb_row_inner][et_pb_column_inner type=&#8221;4_4&#8243;][et_pb_text admin_label=&#8221;Text&#8221; background_layout=&#8221;light&#8221; text_orientation=&#8221;left&#8221;]<\/p>\n<h2>Qu\u00e8 \u00e9s el blanquejament dental?<\/h2>\n<p>Deixa d&#8217;amagar el teu somriure: gaudir d&#8217;una boca sana i cuidada \u00e9s una de les inquietuds de la majoria de la gent. Al llarg de la hist\u00f2ria de l&#8217;odontologia s&#8217;han buscat diverses t\u00e8cniques per\u00f2 el seu resultat mai ha estat \u00f2ptim. Amb l&#8217;aparici\u00f3 del <strong>per\u00f2xid de carbamida<\/strong>, les coses han canviat, sent la forma m\u00e9s efica\u00e7 per aconseguir els <strong>millors resultats en blanquejament dental<\/strong>.<\/p>\n<blockquote><p>&#8220;La pressi\u00f3 social i el culte per l&#8217;est\u00e8tica demanen cada vegada m\u00e9s solucions dentals est\u00e8tiques. Tenir un somriure agradable i d&#8217;un color blanc \u00e9s el que tots desitgem, perqu\u00e8 \u00e9s sin\u00f2nim de bellesa, joventut i salut&#8221;, constata el doctor Jos\u00e9 R\u00e1bago, de la Societat Espanyola de Period\u00f2ncia (SEPA)&#8221;<\/p><\/blockquote>\n<p>[\/et_pb_text][et_pb_text admin_label=&#8221;Text&#8221; background_layout=&#8221;light&#8221; text_orientation=&#8221;left&#8221;]<\/p>\n<h2>Per qu\u00e8 un blanquejament dental amb f\u00e8rules de per\u00f2xid de carbamida?<\/h2>\n<p>[\/et_pb_text][\/et_pb_column_inner][\/et_pb_row_inner][et_pb_row_inner][et_pb_column_inner type=&#8221;1_2&#8243;][et_pb_image admin_label=&#8221;Image&#8221; src=&#8221;\/wp-content\/uploads\/2012\/03\/Depositphotos_3299349_L.jpg&#8221; show_in_lightbox=&#8221;off&#8221; url_new_window=&#8221;off&#8221; animation=&#8221;left&#8221; sticky=&#8221;off&#8221; \/][\/et_pb_column_inner][et_pb_column_inner type=&#8221;1_2&#8243;][et_pb_blurb admin_label=&#8221;Blurb&#8221; title=&#8221;\u00c9s m\u00e9s r\u00e0pid&#8221; url_new_window=&#8221;off&#8221; use_icon=&#8221;on&#8221; font_icon=&#8221;N&#8221; icon_color=&#8221;#1e73be&#8221; use_circle=&#8221;off&#8221; circle_color=&#8221;#7EBEC5&#8243; use_circle_border=&#8221;off&#8221; circle_border_color=&#8221;#7EBEC5&#8243; icon_placement=&#8221;left&#8221; animation=&#8221;off&#8221; background_layout=&#8221;light&#8221; text_orientation=&#8221;center&#8221;]<\/p>\n<p>Els nostres professionals de Terrassa Dental Cl\u00ednic aconsegueixen baixar 2 o 3 tons en menys de dues setmanes.<\/p>\n<p>[\/et_pb_blurb][et_pb_blurb admin_label=&#8221;Blurb&#8221; title=&#8221;Comoditat per a tu&#8221; url_new_window=&#8221;off&#8221; use_icon=&#8221;on&#8221; font_icon=&#8221;N&#8221; icon_color=&#8221;#1e73be&#8221; use_circle=&#8221;off&#8221; circle_color=&#8221;#7EBEC5&#8243; use_circle_border=&#8221;off&#8221; circle_border_color=&#8221;#7EBEC5&#8243; icon_placement=&#8221;left&#8221; animation=&#8221;off&#8221; background_layout=&#8221;light&#8221; text_orientation=&#8221;center&#8221;]<\/p>\n<p>No ser\u00e0 necessari que acudeixis a la cl\u00ednica. El blanquejament dental amb f\u00e8rules de per\u00f2xid de carbamida es pot realitzar des de casa.<\/p>\n<p>[\/et_pb_blurb][et_pb_blurb admin_label=&#8221;Blurb&#8221; title=&#8221;I molt m\u00e9s econ\u00f2mic&#8221; url_new_window=&#8221;off&#8221; use_icon=&#8221;on&#8221; font_icon=&#8221;N&#8221; icon_color=&#8221;#1e73be&#8221; use_circle=&#8221;off&#8221; circle_color=&#8221;#7EBEC5&#8243; use_circle_border=&#8221;off&#8221; circle_border_color=&#8221;#7EBEC5&#8243; icon_placement=&#8221;left&#8221; animation=&#8221;top&#8221; background_layout=&#8221;light&#8221; text_orientation=&#8221;center&#8221;]<\/p>\n<p>Aquest tractament \u00e9s m\u00e9s barat que la resta de blanquejaments dentals per l\u00e0ser.<\/p>\n<p>[\/et_pb_blurb][\/et_pb_column_inner][\/et_pb_row_inner][\/et_pb_column][et_pb_column type=&#8221;1_4&#8243;][et_pb_text admin_label=&#8221;Text&#8221; background_layout=&#8221;light&#8221; text_orientation=&#8221;left&#8221;]<\/p>\n<div style=\"background: #DEEAF3;padding-bottom: 33%;padding-left: 7%;padding-right: 7%;padding-top: 5%;width: 125%;\"><img loading=\"lazy\" decoding=\"async\" src=\"\/wp-content\/uploads\/2014\/10\/odontologa.jpg\" alt=\"Odont\u00f2loga general\" title=\"Dra Emma Corbera\" width=\"133\" height=\"200\" class=\"alignleft size-full wp-image-3964\"><\/p>\n<h4 style=\"text-align: center;margin-top: 19%;\"><strong>Dra Emma Corbera<\/strong><\/h4>\n<p style=\"text-align:center\"><a href=\"\/doctora-emma-corbera\/\">Odont\u00f2loga general<\/a><\/p>\n<\/div>\n<p>[\/et_pb_text][et_pb_text admin_label=&#8221;Text&#8221; background_layout=&#8221;light&#8221; text_orientation=&#8221;left&#8221; module_id=&#8221;solicitar-cita&#8221;]<\/p>\n<div id=\"solicitar-cita\" class=\"et_pb_text et_pb_bg_layout_light et_pb_text_align_left\">\n<div style=\"background: #c0dbed;padding-bottom: 5%;padding-left: 7%;padding-right: 7%; padding-top: 5%; width: 125%;\">\n<h4 style=\"font-weight: 600\">Sol\u00b7licitar visita<\/h4>\n<div>\n<p style=\"font-weight: 500\">Truqui ara per sol\u00b7licitar una visita o per fer qualsevol altra consulta al:<\/p>\n<\/p>\n<div class=\"telephone\">937 894 596<\/div>\n<div style=\"padding-top: 0%;margin-top: -2%;width: 100%;color: #FFF;  background-color: #9aafbe;  font-size: 12px;  font-style: normal;  line-height: 25px;text-align: center;\"><a style=\"font-size: 17px;color: white;\" href=\"\/ca\/contacte\"title=\"Demanar cita online\">Sol\u00b7licita cita online<\/a><\/div>\n<\/p>\n<\/div>\n<\/div>\n<\/div>\n<p>[\/et_pb_text][\/et_pb_column][\/et_pb_section][et_pb_section fullwidth=&#8221;off&#8221; specialty=&#8221;off&#8221;][et_pb_row][et_pb_column type=&#8221;4_4&#8243;][et_pb_text admin_label=&#8221;Text&#8221; background_layout=&#8221;light&#8221; text_orientation=&#8221;left&#8221;]<\/p>\n<h2>Com \u00e9s el tractament?<\/h2>\n<p>La f\u00e8rula de blanquejament es realitza mitjan\u00e7ant acr\u00edlic transparent. En un primer lloc, la f\u00e8rula es col\u00b7loca en l&#8217;arc dentari perqu\u00e8 la seva forma s&#8217;adapti de forma perfecta a la dentadura.<\/p>\n<p>Un cop el pacient es renta les dents, s&#8217;introdueixen unes gotes de gel blanquejador en cada espai de la f\u00e8rula (equivalent a cada dent). Despr\u00e9s, s&#8217;encaixa la f\u00e8rula a les dents i es remou l&#8217;exc\u00e9s de gel. La f\u00e8rula haur\u00e0 d&#8217;estar col\u00b7locada durant 4 hores di\u00e0ries, per aix\u00f2 es recomana portar-la de nit. El tractament s&#8217;aplicar\u00e0 durant 10-15 dies.<\/p>\n<h2>Qu\u00e8 \u00e9s el per\u00f2xid de carbamida?<\/h2>\n<p>El per\u00f2xid de carbamida est\u00e0 compost per urea i per\u00f2xid d&#8217;hidrogen en relaci\u00f3 1: 1. Aquest component aconsegueix baixar 2 o 3 tons de la guia de colors dels especialistes de Terrassa Dental Cl\u00ednic.<\/p>\n<h2>Quan es recomana el blanquejament dental amb f\u00e8rules de carbamida?<\/h2>\n<p>\u00c9s adequat per aquells casos en els que es presenten dents groguenques, alteracions de colors lleus o dents enfosquides per l&#8217;envelliment, ja que a major edat, el pacient pateix amb m\u00e9s facilitat el canvi de color a la seva dentadura.<\/p>\n<p>[\/et_pb_text][et_pb_text admin_label=&#8221;Text&#8221; background_layout=&#8221;light&#8221; text_orientation=&#8221;left&#8221;]<\/p>\n<div style=\"background: #ACE8C0; padding: 5% 7% 5% 7%;\">\n<h3 style=\"font-weight: 600; font-size: 28px; text-align: center;\">Sol\u00b7licita informaci\u00f3 sobre el blanquejament dental<\/h3>\n<div>\n<p style=\"font-weight: 500; text-align: center;\">Truqui ara per a sol\u00b7licitar visita o per a qualsevol altra consulta al<\/p>\n<div class=\"telephone\" style=\"background-color: #9bcbab;\">937 894 596<\/div>\n<div style=\"padding-top: 1%; width: 100%; color: #fff; background-color: #64a078; font-style: normal; line-height: 25px; text-align: center; padding-bottom: 1%;\"><a style=\"font-size: 17px; color: white;\" href=\"\/contacte\">Demanar cita online<\/a><\/div>\n<\/div>\n<\/div>\n<p>[\/et_pb_text][\/et_pb_column][\/et_pb_row][\/et_pb_section][et_pb_section fullwidth=&#8221;off&#8221; specialty=&#8221;off&#8221; transparent_background=&#8221;off&#8221; background_color=&#8221;#f7f5ef&#8221; inner_shadow=&#8221;off&#8221; parallax=&#8221;off&#8221; parallax_method=&#8221;off&#8221;][et_pb_row][et_pb_column type=&#8221;1_3&#8243;][et_pb_text admin_label=&#8221;Text&#8221; background_layout=&#8221;light&#8221; text_orientation=&#8221;left&#8221;]<\/p>\n<h3><strong>Direcci\u00f3 de la cl\u00ednica dental<\/strong><\/h3>\n<p>Carrer Col\u00b7legi n\u00ba 1<br \/>\n08221 Terrassa (Barcelona).<\/p>\n<p><strong>Horari de la cl\u00ednica<\/strong><br \/>\nDe Dilluns a Divendres<br \/>\nMatins: 9:00h a 13:00h<br \/>\nTardes: 16:00h a 20:00h<\/p>\n<p><strong>E-mail de contacte<\/strong><br \/>\ncentrodentalegara@gmail.com<\/p>\n<div class=\"telephone\" style=\"margin-top: 15%;\">937 894 596<\/div>\n<p>[\/et_pb_text][\/et_pb_column][et_pb_column type=&#8221;2_3&#8243;][et_pb_map admin_label=&#8221;Map&#8221; zoom_level=&#8221;16&#8243; address_lat=&#8221;41.560295599338104&#8243; address_lng=&#8221;2.0117566164005973&#8243; mouse_wheel=&#8221;on&#8221;][et_pb_map_pin pin_address=&#8221;Carrer Col\u00b7legi, 11, 08221 Tarrasa, Barcelona, Espa\u00f1a&#8221; pin_address_lat=&#8221;41.5599853&#8243; pin_address_lng=&#8221;2.010856399999966&#8243; \/][\/et_pb_map][\/et_pb_column][\/et_pb_row][\/et_pb_section]<\/p>\n","protected":false},"excerpt":{"rendered":"<p><div class=\"et_pb_row et_pb_row_0 et_pb_row_empty\">\n\t\t\t\t\n\t\t\t\t\n\t\t\t\t\n\t\t\t\t\n\t\t\t\t\n\t\t\t<\/div> Blanquejament dental Qu\u00e8 \u00e9s el blanquejament dental? Deixa d&#8217;amagar el teu somriure: gaudir d&#8217;una boca sana i cuidada \u00e9s una de les inquietuds de la majoria de la gent. Al llarg de la hist\u00f2ria de l&#8217;odontologia s&#8217;han buscat diverses t\u00e8cniques per\u00f2 el seu resultat mai ha estat \u00f2ptim. Amb l&#8217;aparici\u00f3 del per\u00f2xid de carbamida, [&hellip;]<\/p>\n","protected":false},"author":2,"featured_media":0,"parent":0,"menu_order":0,"comment_status":"closed","ping_status":"closed","template":"","meta":{"_et_pb_use_builder":"on","_et_pb_old_content":"","_et_gb_content_width":"","footnotes":""},"class_list":["post-3268","page","type-page","status-publish","hentry"],"yoast_head":"<!-- This site is optimized with the Yoast SEO plugin v27.2 - https:\/\/yoast.com\/product\/yoast-seo-wordpress\/ -->\n<title>Blanquejament dental<\/title>\n<meta name=\"description\" content=\"Gr\u00e0cies a la f\u00e8rula de blanquejament dental tornar\u00e0s a somriure i a tenir unes dents blanques i sanes. Descobreix el nostre tractament per blanquejar les dents\" \/>\n<meta name=\"robots\" content=\"index, follow, max-snippet:-1, max-image-preview:large, max-video-preview:-1\" \/>\n<link rel=\"canonical\" href=\"https:\/\/www.terrassadentalclinic.com\/blanqueamiento-dental\/\" \/>\n<meta property=\"og:locale\" content=\"ca_ES\" \/>\n<meta property=\"og:type\" content=\"article\" \/>\n<meta property=\"og:title\" content=\"Blanquejament dental\" \/>\n<meta property=\"og:description\" content=\"Gr\u00e0cies a la f\u00e8rula de blanquejament dental tornar\u00e0s a somriure i a tenir unes dents blanques i sanes. Descobreix el nostre tractament per blanquejar les dents\" \/>\n<meta property=\"og:url\" content=\"https:\/\/www.terrassadentalclinic.com\/blanqueamiento-dental\/\" \/>\n<meta property=\"og:site_name\" content=\"Terrassa Dental Cl\u00ednic\" \/>\n<meta property=\"article:modified_time\" content=\"2015-03-24T09:40:26+00:00\" \/>\n<meta name=\"twitter:label1\" content=\"Temps estimat de lectura\" \/>\n\t<meta name=\"twitter:data1\" content=\"5 minuts\" \/>\n<script type=\"application\/ld+json\" class=\"yoast-schema-graph\">{\"@context\":\"https:\/\/schema.org\",\"@graph\":[{\"@type\":\"WebPage\",\"@id\":\"https:\/\/www.terrassadentalclinic.com\/blanqueamiento-dental\/\",\"url\":\"https:\/\/www.terrassadentalclinic.com\/blanqueamiento-dental\/\",\"name\":\"Blanquejament dental\",\"isPartOf\":{\"@id\":\"https:\/\/www.terrassadentalclinic.com\/#website\"},\"datePublished\":\"2014-10-20T11:18:43+00:00\",\"dateModified\":\"2015-03-24T09:40:26+00:00\",\"description\":\"Gr\u00e0cies a la f\u00e8rula de blanquejament dental tornar\u00e0s a somriure i a tenir unes dents blanques i sanes. Descobreix el nostre tractament per blanquejar les dents\",\"breadcrumb\":{\"@id\":\"https:\/\/www.terrassadentalclinic.com\/blanqueamiento-dental\/#breadcrumb\"},\"inLanguage\":\"ca\",\"potentialAction\":[{\"@type\":\"ReadAction\",\"target\":[\"https:\/\/www.terrassadentalclinic.com\/blanqueamiento-dental\/\"]}]},{\"@type\":\"BreadcrumbList\",\"@id\":\"https:\/\/www.terrassadentalclinic.com\/blanqueamiento-dental\/#breadcrumb\",\"itemListElement\":[{\"@type\":\"ListItem\",\"position\":1,\"name\":\"Portada\",\"item\":\"https:\/\/www.terrassadentalclinic.com\/ca\/\"},{\"@type\":\"ListItem\",\"position\":2,\"name\":\"Blanquejament dental\"}]},{\"@type\":\"WebSite\",\"@id\":\"https:\/\/www.terrassadentalclinic.com\/#website\",\"url\":\"https:\/\/www.terrassadentalclinic.com\/\",\"name\":\"Terrassa Dental Cl\u00ednic\",\"description\":\"\",\"potentialAction\":[{\"@type\":\"SearchAction\",\"target\":{\"@type\":\"EntryPoint\",\"urlTemplate\":\"https:\/\/www.terrassadentalclinic.com\/?s={search_term_string}\"},\"query-input\":{\"@type\":\"PropertyValueSpecification\",\"valueRequired\":true,\"valueName\":\"search_term_string\"}}],\"inLanguage\":\"ca\"}]}<\/script>\n<!-- \/ Yoast SEO plugin. -->","yoast_head_json":{"title":"Blanquejament dental","description":"Gr\u00e0cies a la f\u00e8rula de blanquejament dental tornar\u00e0s a somriure i a tenir unes dents blanques i sanes. Descobreix el nostre tractament per blanquejar les dents","robots":{"index":"index","follow":"follow","max-snippet":"max-snippet:-1","max-image-preview":"max-image-preview:large","max-video-preview":"max-video-preview:-1"},"canonical":"https:\/\/www.terrassadentalclinic.com\/blanqueamiento-dental\/","og_locale":"ca_ES","og_type":"article","og_title":"Blanquejament dental","og_description":"Gr\u00e0cies a la f\u00e8rula de blanquejament dental tornar\u00e0s a somriure i a tenir unes dents blanques i sanes. Descobreix el nostre tractament per blanquejar les dents","og_url":"https:\/\/www.terrassadentalclinic.com\/blanqueamiento-dental\/","og_site_name":"Terrassa Dental Cl\u00ednic","article_modified_time":"2015-03-24T09:40:26+00:00","twitter_misc":{"Temps estimat de lectura":"5 minuts"},"schema":{"@context":"https:\/\/schema.org","@graph":[{"@type":"WebPage","@id":"https:\/\/www.terrassadentalclinic.com\/blanqueamiento-dental\/","url":"https:\/\/www.terrassadentalclinic.com\/blanqueamiento-dental\/","name":"Blanquejament dental","isPartOf":{"@id":"https:\/\/www.terrassadentalclinic.com\/#website"},"datePublished":"2014-10-20T11:18:43+00:00","dateModified":"2015-03-24T09:40:26+00:00","description":"Gr\u00e0cies a la f\u00e8rula de blanquejament dental tornar\u00e0s a somriure i a tenir unes dents blanques i sanes. Descobreix el nostre tractament per blanquejar les dents","breadcrumb":{"@id":"https:\/\/www.terrassadentalclinic.com\/blanqueamiento-dental\/#breadcrumb"},"inLanguage":"ca","potentialAction":[{"@type":"ReadAction","target":["https:\/\/www.terrassadentalclinic.com\/blanqueamiento-dental\/"]}]},{"@type":"BreadcrumbList","@id":"https:\/\/www.terrassadentalclinic.com\/blanqueamiento-dental\/#breadcrumb","itemListElement":[{"@type":"ListItem","position":1,"name":"Portada","item":"https:\/\/www.terrassadentalclinic.com\/ca\/"},{"@type":"ListItem","position":2,"name":"Blanquejament dental"}]},{"@type":"WebSite","@id":"https:\/\/www.terrassadentalclinic.com\/#website","url":"https:\/\/www.terrassadentalclinic.com\/","name":"Terrassa Dental Cl\u00ednic","description":"","potentialAction":[{"@type":"SearchAction","target":{"@type":"EntryPoint","urlTemplate":"https:\/\/www.terrassadentalclinic.com\/?s={search_term_string}"},"query-input":{"@type":"PropertyValueSpecification","valueRequired":true,"valueName":"search_term_string"}}],"inLanguage":"ca"}]}},"_links":{"self":[{"href":"https:\/\/www.terrassadentalclinic.com\/ca\/wp-json\/wp\/v2\/pages\/3268","targetHints":{"allow":["GET"]}}],"collection":[{"href":"https:\/\/www.terrassadentalclinic.com\/ca\/wp-json\/wp\/v2\/pages"}],"about":[{"href":"https:\/\/www.terrassadentalclinic.com\/ca\/wp-json\/wp\/v2\/types\/page"}],"author":[{"embeddable":true,"href":"https:\/\/www.terrassadentalclinic.com\/ca\/wp-json\/wp\/v2\/users\/2"}],"replies":[{"embeddable":true,"href":"https:\/\/www.terrassadentalclinic.com\/ca\/wp-json\/wp\/v2\/comments?post=3268"}],"version-history":[{"count":29,"href":"https:\/\/www.terrassadentalclinic.com\/ca\/wp-json\/wp\/v2\/pages\/3268\/revisions"}],"predecessor-version":[{"id":4972,"href":"https:\/\/www.terrassadentalclinic.com\/ca\/wp-json\/wp\/v2\/pages\/3268\/revisions\/4972"}],"wp:attachment":[{"href":"https:\/\/www.terrassadentalclinic.com\/ca\/wp-json\/wp\/v2\/media?parent=3268"}],"curies":[{"name":"wp","href":"https:\/\/api.w.org\/{rel}","templated":true}]}}